{"id":1926,"date":"2025-07-11T13:57:15","date_gmt":"2025-07-11T11:57:15","guid":{"rendered":"https:\/\/bno-travel.com\/?page_id=1926"},"modified":"2026-03-31T11:30:22","modified_gmt":"2026-03-31T09:30:22","slug":"condiciones-para-viajar-bno-travel","status":"publish","type":"page","link":"https:\/\/bno-travel.com\/es\/condiciones-para-viajar-bno-travel\/","title":{"rendered":"Condiciones para viajar BNO TRAVEL"},"content":{"rendered":"\n<p class=\"wp-block-paragraph\"><\/p>\n\n<p class=\"wp-block-paragraph\"><\/p>\n\n<p class=\"wp-block-paragraph\"><\/p>\n\n<div class=\"wp-block-group alignfull is-content-justification-center is-layout-constrained wp-container-core-group-is-layout-9b8dd49b wp-block-group-is-layout-constrained\" style=\"margin-top:0;margin-bottom:0;padding-top:var(--wp--preset--spacing--50);padding-bottom:var(--wp--preset--spacing--40)\">\n<div class=\"wp-block-group alignfull is-content-justification-center is-layout-constrained wp-block-group-is-layout-constrained\" style=\"margin-top:0;margin-bottom:0;padding-top:var(--wp--preset--spacing--40);padding-bottom:var(--wp--preset--spacing--40)\">\n<figure class=\"wp-block-image alignwide size-full aspect-16\/9\"><img data-recalc-dims=\"1\" fetchpriority=\"high\" decoding=\"async\" width=\"800\" height=\"533\" src=\"https:\/\/i0.wp.com\/bno-travel.com\/wp-content\/uploads\/2025\/06\/10001-20191216-Drone0747-scaled-1.jpg?resize=800%2C533&#038;ssl=1\" alt=\"\" class=\"wp-image-987\" srcset=\"https:\/\/i0.wp.com\/bno-travel.com\/wp-content\/uploads\/2025\/06\/10001-20191216-Drone0747-scaled-1.jpg?w=2560&amp;ssl=1 2560w, https:\/\/i0.wp.com\/bno-travel.com\/wp-content\/uploads\/2025\/06\/10001-20191216-Drone0747-scaled-1.jpg?resize=300%2C200&amp;ssl=1 300w, https:\/\/i0.wp.com\/bno-travel.com\/wp-content\/uploads\/2025\/06\/10001-20191216-Drone0747-scaled-1.jpg?resize=1024%2C682&amp;ssl=1 1024w, https:\/\/i0.wp.com\/bno-travel.com\/wp-content\/uploads\/2025\/06\/10001-20191216-Drone0747-scaled-1.jpg?resize=768%2C512&amp;ssl=1 768w, https:\/\/i0.wp.com\/bno-travel.com\/wp-content\/uploads\/2025\/06\/10001-20191216-Drone0747-scaled-1.jpg?resize=1536%2C1024&amp;ssl=1 1536w, https:\/\/i0.wp.com\/bno-travel.com\/wp-content\/uploads\/2025\/06\/10001-20191216-Drone0747-scaled-1.jpg?resize=2048%2C1365&amp;ssl=1 2048w, https:\/\/i0.wp.com\/bno-travel.com\/wp-content\/uploads\/2025\/06\/10001-20191216-Drone0747-scaled-1.jpg?w=1600&amp;ssl=1 1600w, https:\/\/i0.wp.com\/bno-travel.com\/wp-content\/uploads\/2025\/06\/10001-20191216-Drone0747-scaled-1.jpg?w=2400&amp;ssl=1 2400w\" sizes=\"(max-width: 800px) 100vw, 800px\" \/><\/figure>\n<\/div>\n\n\n\n<h5 class=\"wp-block-heading alignwide\">Las condiciones de reserva se aplican a BNO TRAVEL NO-2420 Trysil, n\u00ba org. , tel\u00e9fono (+47) como intermediario del arrendador. Las condiciones se aplican entre BNO TRAVEL, en lo sucesivo denominado arrendador, y la persona responsable del alquiler del alojamiento con BNO TRAVEL y sus compa\u00f1eros de viaje, en lo sucesivo denominado arrendatario. El acuerdo se aplica al alquiler de alojamiento y productos adicionales en BNO TRAVEL  <\/h5>\n\n\n\n<p class=\"wp-block-paragraph\"><\/p>\n\n\n\n<p class=\"wp-block-paragraph\"><\/p>\n\n\n\n<div class=\"wp-block-group alignwide is-layout-flow wp-container-core-group-is-layout-a7dce961 wp-block-group-is-layout-flow\">\n<div class=\"wp-block-group alignfull is-style-section-3 is-content-justification-center is-layout-constrained wp-container-core-group-is-layout-b54e18b3 wp-block-group-is-layout-constrained\" style=\"margin-top:0;margin-bottom:0;padding-top:var(--wp--preset--spacing--50);padding-bottom:var(--wp--preset--spacing--50)\">\n<div class=\"wp-block-group alignwide is-layout-flow wp-container-core-group-is-layout-a7dce961 wp-block-group-is-layout-flow\">\n<div class=\"wp-block-columns alignwide is-layout-flex wp-container-core-columns-is-layout-cb1de518 wp-block-columns-is-layout-flex\">\n<div class=\"wp-block-column is-layout-flow wp-block-column-is-layout-flow\" style=\"padding-top:24px;padding-bottom:24px\">\n<h3 class=\"wp-block-heading has-text-align-left alignwide is-service-name\"><strong>Responsabilidad del arrendador<\/strong><\/h3>\n<\/div>\n\n\n\n<div class=\"wp-block-column is-layout-flow wp-block-column-is-layout-flow\">\n<div class=\"wp-block-group alignwide is-layout-flow wp-block-group-is-layout-flow\" style=\"border-bottom-width:1px;padding-top:40px;padding-bottom:40px\">\n<p class=\"is-service-description wp-block-paragraph\">El arrendador tiene las siguientes responsabilidades hacia el hu\u00e9sped:<\/p>\n\n\n\n<ul class=\"wp-block-list\">\n<li>Aseg\u00farate de que el inquilino recibe una confirmaci\u00f3n por escrito de su reserva, as\u00ed como la informaci\u00f3n necesaria.<\/li>\n\n\n\n<li>Que el alojamiento coincida con la descripci\u00f3n facilitada antes de la reserva.<\/li>\n\n\n\n<li>Que el inquilino reciba los servicios que se le han ordenado.<\/li>\n\n\n\n<li>El propietario se reserva el derecho de cometer errores de imprenta o de correcci\u00f3n en los folletos, listas de precios y en su propio sitio web.<\/li>\n<\/ul>\n<\/div>\n<\/div>\n<\/div>\n\n\n\n<div class=\"wp-block-columns alignwide is-layout-flex wp-container-core-columns-is-layout-cb1de518 wp-block-columns-is-layout-flex\">\n<div class=\"wp-block-column is-layout-flow wp-block-column-is-layout-flow\" style=\"padding-top:24px;padding-bottom:24px\">\n<h3 class=\"wp-block-heading has-text-align-left alignwide is-service-name\"><strong>Responsabilidad del inquilino<\/strong><\/h3>\n<\/div>\n\n\n\n<div class=\"wp-block-column is-layout-flow wp-block-column-is-layout-flow\">\n<div class=\"wp-block-group alignwide is-layout-flow wp-block-group-is-layout-flow\" style=\"border-bottom-width:1px;padding-top:40px;padding-bottom:40px\">\n<p class=\"is-service-description wp-block-paragraph\"><strong>La orden<\/strong><\/p>\n\n\n\n<p class=\"wp-block-paragraph\">Es responsabilidad del arrendatario comprobar la reserva y asegurarse de que las fechas de llegada y salida son correctas.<\/p>\n\n\n\n<p class=\"wp-block-paragraph\"><strong>L\u00edmites de edad<\/strong><\/p>\n\n\n\n<p class=\"wp-block-paragraph\">El inquilino debe tener 20 a\u00f1os y ser responsable del alojamiento durante su estancia. (Para los que tengan entre 18 y 20 a\u00f1os, se firma un acuerdo aparte en el que todos los miembros del grupo que viaja confirman que son responsables de la unidad que alquilan y que cumplir\u00e1n las normas aplicables de la casa. Se firma un acuerdo aparte que lo confirma. Aparte de esto, se aplican las condiciones habituales de BNO Travel) Durante los periodos de A\u00f1o Nuevo, Semana Santa y Trysilsmellen, todos los miembros del grupo de viaje deben tener al menos 20 a\u00f1os y la persona responsable debe tener al menos 23 a\u00f1os <em>en el momento de la reserva<\/em>. La persona responsable en la caba\u00f1a tambi\u00e9n debe estar presente durante la estancia. Todos los hu\u00e9spedes deben identificarse y registrarse en recepci\u00f3n al registrarse.    <\/p>\n\n\n\n<p class=\"wp-block-paragraph\">Es un requisito que se cumpla el l\u00edmite de edad. Si no se cumple el l\u00edmite de edad al hacerse cargo del alojamiento, el hu\u00e9sped que no cumpla el requisito ser\u00e1 rechazado y no se le permitir\u00e1 registrarse. En ese caso, no se reembolsar\u00e1 el importe pagado por la estancia. Para grupos organizados y familias, pueden hacerse excepciones a las normas anteriores previo acuerdo con el propietario.   <\/p>\n\n\n\n<p class=\"wp-block-paragraph\">A discreci\u00f3n del propietario, tambi\u00e9n puede exigirse un acuerdo aparte cuando haya motivos para ello. En estos casos, se depositar\u00e1 una fianza de NOK. 2000,- por persona. <\/p>\n\n\n\n<p class=\"wp-block-paragraph\"><strong>Llegada\/estancia<\/strong><\/p>\n\n\n\n<ul class=\"wp-block-list\">\n<li>El inquilino est\u00e1 obligado a seguir las normas, instrucciones y reglamentos de la casa que se apliquen a los viajes, el alojamiento y otros asuntos.<\/li>\n\n\n\n<li>La unidad de alojamiento s\u00f3lo puede ser ocupada por el n\u00famero de personas acordado contractualmente. Si esto se modifica desde el momento de la reserva, deber\u00e1 indicarse con la mayor antelaci\u00f3n posible y a m\u00e1s tardar en el momento de la entrada en la recepci\u00f3n. <\/li>\n\n\n\n<li>Se podr\u00e1 pedir al inquilino que se identifique tanto en el momento de la entrada como durante la estancia, si la situaci\u00f3n lo requiere.<\/li>\n\n\n\n<li>Los equipos de m\u00fasica\/sonido personales est\u00e1n prohibidos en todos los alojamientos.<\/li>\n\n\n\n<li>Se denunciar\u00e1n los ruidos en el alojamiento que causen molestias. Debe haber paz y tranquilidad en la unidad y sus alrededores entre las 23:00 y las 07:00. Si no se admite la denuncia, se proceder\u00e1 inmediatamente al desalojo. En ese caso, no se reembolsar\u00e1 el alquiler.    <\/li>\n\n\n\n<li>El propietario se arroga el derecho de revisar las unidades en caso de sospecha de da\u00f1os sin informar previamente al inquilino.<\/li>\n\n\n\n<li>Est\u00e1 prohibido fumar en todas las viviendas. Las infracciones dar\u00e1n lugar a una tasa de limpieza de 5.000 NOK. <\/li>\n<\/ul>\n\n\n\n<p class=\"is-service-description wp-block-paragraph\">Ruido en la unidad de ocio - Dar\u00e1 lugar a una advertencia por escrito, as\u00ed como a una multa de 2.000 NOK por parte de la empresa de seguridad. El incumplimiento tambi\u00e9n dar\u00e1 lugar al desalojo. <\/p>\n\n\n\n<p class=\"wp-block-paragraph\"><strong>Salida<\/strong><\/p>\n\n\n\n<ul class=\"wp-block-list\">\n<li>A la salida, el alojamiento debe desalojarse y limpiarse de acuerdo con los puntos de limpieza general. Consulta el aviso en la unidad de alojamiento. La limpieza reservada\/obligatoria no incluye estos puntos. Si no se realiza una limpieza a fondo, se facturar\u00e1 seg\u00fan el n\u00famero de horas empleadas.   <\/li>\n\n\n\n<li>En caso de inventario\/equipamiento da\u00f1ado\/faltante, se reclamar\u00e1 una indemnizaci\u00f3n a la salida o se facturar\u00e1 a posteriori.<\/li>\n\n\n\n<li>Todas las llaves del alojamiento deben entregarse a la salida. Si no se hace as\u00ed, se cobrar\u00e1 una tasa de 5.000 NOK por cambiar las cerraduras. <\/li>\n<\/ul>\n<\/div>\n<\/div>\n<\/div>\n\n\n\n<div class=\"wp-block-columns alignwide is-layout-flex wp-container-core-columns-is-layout-cb1de518 wp-block-columns-is-layout-flex\">\n<div class=\"wp-block-column is-layout-flow wp-block-column-is-layout-flow\" style=\"padding-top:24px;padding-bottom:24px\">\n<h3 class=\"wp-block-heading has-text-align-left alignwide is-service-name\"><strong>Pedidos y pagos<\/strong><\/h3>\n<\/div>\n\n\n\n<div class=\"wp-block-column is-layout-flow wp-block-column-is-layout-flow\">\n<div class=\"wp-block-group alignwide is-layout-flow wp-block-group-is-layout-flow\" style=\"border-bottom-width:1px;padding-top:40px;padding-bottom:40px\">\n<p class=\"is-service-description wp-block-paragraph\">La reserva y las condiciones del contrato se confirman mediante el pago de una parte del importe del alquiler en el momento de la reserva. El resto debe abonarse a m\u00e1s tardar 45 d\u00edas antes de la llegada. Para estancias reservadas con m\u00e1s de 60 d\u00edas de antelaci\u00f3n a la llegada, el importe total del alquiler debe abonarse el mismo d\u00eda. La cancelaci\u00f3n debe notificarse por correo electr\u00f3nico. La reserva puede cancelarse si el propietario no recibe el pago final antes de la fecha de vencimiento del recordatorio. La cancelaci\u00f3n debe hacerse en \u00abmi p\u00e1gina\u00bb o por correo electr\u00f3nico, booking@bno-travel.com.     <\/p>\n<\/div>\n<\/div>\n<\/div>\n<\/div>\n<\/div>\n\n\n\n<div class=\"wp-block-group alignfull is-style-section-3 is-content-justification-center is-layout-constrained wp-container-core-group-is-layout-b54e18b3 wp-block-group-is-layout-constrained\" style=\"margin-top:0;margin-bottom:0;padding-top:var(--wp--preset--spacing--50);padding-bottom:var(--wp--preset--spacing--50)\">\n<div class=\"wp-block-group alignwide is-layout-flow wp-container-core-group-is-layout-a7dce961 wp-block-group-is-layout-flow\">\n<div class=\"wp-block-columns alignwide is-layout-flex wp-container-core-columns-is-layout-cb1de518 wp-block-columns-is-layout-flex\">\n<div class=\"wp-block-column is-layout-flow wp-block-column-is-layout-flow\" style=\"padding-top:24px;padding-bottom:24px\">\n<h3 class=\"wp-block-heading has-text-align-left alignwide is-service-name\"><strong>Seguro de anulaci\u00f3n y cambio<\/strong><\/h3>\n<\/div>\n\n\n\n<div class=\"wp-block-column is-layout-flow wp-block-column-is-layout-flow\">\n<div class=\"wp-block-group alignwide is-layout-flow wp-block-group-is-layout-flow\" style=\"border-bottom-width:1px;padding-top:40px;padding-bottom:40px\">\n<p class=\"is-service-description wp-block-paragraph\">El seguro puede reservarse junto con la estancia y debe abonarse junto con el primer pago para que sea v\u00e1lido. Este seguro se aplica tanto a la cancelaci\u00f3n como al cambio de reserva. <\/p>\n<\/div>\n<\/div>\n<\/div>\n\n\n\n<div class=\"wp-block-columns alignwide is-layout-flex wp-container-core-columns-is-layout-cb1de518 wp-block-columns-is-layout-flex\">\n<div class=\"wp-block-column is-layout-flow wp-block-column-is-layout-flow\" style=\"padding-top:24px;padding-bottom:24px\">\n<h3 class=\"wp-block-heading has-text-align-left alignwide is-service-name\"><strong>Condiciones del seguro de anulaci\u00f3n y cambio pagado<\/strong><\/h3>\n<\/div>\n\n\n\n<div class=\"wp-block-column is-layout-flow wp-block-column-is-layout-flow\">\n<div class=\"wp-block-group alignwide is-layout-flow wp-block-group-is-layout-flow\" style=\"border-bottom-width:1px;padding-top:40px;padding-bottom:40px\">\n<p class=\"is-service-description wp-block-paragraph\">Si el inquilino cancela la estancia con menos de 60 d\u00edas de antelaci\u00f3n a la llegada, se le devolver\u00e1 el anticipo menos unos gastos de gesti\u00f3n de 250 NOK por unidad. En caso de cancelaci\u00f3n con m\u00e1s de 60 d\u00edas de antelaci\u00f3n a la llegada, el propietario retendr\u00e1 el anticipo en su totalidad, a menos que se cumplan las condiciones del seguro. El seguro se aplica si el inquilino, c\u00f3nyuge\/hijos\/hermanos\/padres o conviviente se ven afectados por una enfermedad, accidente grave o fallecimiento. Debe enviarse inmediatamente al arrendador un certificado m\u00e9dico. Siempre que se cumplan las condiciones anteriores, se reembolsar\u00e1 la totalidad del importe pagado, menos los gastos de gesti\u00f3n. El seguro no es reembolsable.     <\/p>\n\n\n\n<p class=\"is-service-description wp-block-paragraph\">El inquilino puede cambiar su reserva, incluido el periodo y el tipo de alojamiento, si el cambio se hace antes de los 30 d\u00edas previos a la llegada. Si el arrendatario reserva un alojamiento m\u00e1s caro, pagar\u00e1 la diferencia entre el precio nuevo y el original. Los cambios en las reservas est\u00e1n sujetos a la capacidad disponible. Las cancelaciones deben hacerse por escrito a booking@bno-travel.com   <\/p>\n<\/div>\n<\/div>\n<\/div>\n\n\n\n<div class=\"wp-block-columns alignwide is-layout-flex wp-container-core-columns-is-layout-cb1de518 wp-block-columns-is-layout-flex\">\n<div class=\"wp-block-column is-layout-flow wp-block-column-is-layout-flow\" style=\"padding-top:24px;padding-bottom:24px\">\n<h3 class=\"wp-block-heading has-text-align-left alignwide is-service-name\"><strong>Condiciones sin seguro de anulaci\u00f3n y cambio:<\/strong><\/h3>\n<\/div>\n\n\n\n<div class=\"wp-block-column is-layout-flow wp-block-column-is-layout-flow\">\n<div class=\"wp-block-group alignwide is-layout-flow wp-block-group-is-layout-flow\" style=\"border-bottom-width:1px;padding-top:40px;padding-bottom:40px\">\n<p class=\"is-service-description wp-block-paragraph\">Sin el seguro, el arrendador se queda con la totalidad del anticipo. Si el inquilino desea cambiar su reserva sin seguro, en este caso por cambio de semana o cambio a una unidad de alojamiento m\u00e1s peque\u00f1a, puede hacerlo pagando 250 NOK. En caso de cambio a una unidad de alojamiento m\u00e1s grande, se a\u00f1adir\u00e1n 250 NOK a la fianza. Esto debe hacerse en un plazo de 60 d\u00edas antes de la llegada.   <\/p>\n<\/div>\n<\/div>\n<\/div>\n<\/div>\n<\/div>\n\n\n\n<div class=\"wp-block-group alignfull is-style-section-3 is-content-justification-center is-layout-constrained wp-container-core-group-is-layout-b54e18b3 wp-block-group-is-layout-constrained\" style=\"margin-top:0;margin-bottom:0;padding-top:var(--wp--preset--spacing--50);padding-bottom:var(--wp--preset--spacing--50)\">\n<h2 class=\"wp-block-heading has-text-align-left alignwide\"><\/h2>\n\n\n\n<div class=\"wp-block-group alignwide is-layout-flow wp-container-core-group-is-layout-a7dce961 wp-block-group-is-layout-flow\">\n<div class=\"wp-block-columns alignwide is-layout-flex wp-container-core-columns-is-layout-cb1de518 wp-block-columns-is-layout-flex\">\n<div class=\"wp-block-column is-layout-flow wp-block-column-is-layout-flow\" style=\"padding-top:24px;padding-bottom:24px\">\n<h3 class=\"wp-block-heading has-text-align-left alignwide is-service-name\"><strong>Garant\u00eda de nieve<\/strong><\/h3>\n<\/div>\n\n\n\n<div class=\"wp-block-column is-layout-flow wp-block-column-is-layout-flow\">\n<div class=\"wp-block-group alignwide is-layout-flow wp-block-group-is-layout-flow\" style=\"border-bottom-width:1px;padding-top:40px;padding-bottom:40px\">\n<p class=\"is-service-description wp-block-paragraph\">La garant\u00eda de nieve de Trysilfjellet es v\u00e1lida desde el 16 de diciembre de 2026 hasta el final de la temporada en la primavera de 2027. <\/p>\n\n\n\n<p class=\"is-service-description wp-block-paragraph\">Garantizamos un m\u00ednimo de 10 pistas abiertas.  <\/p>\n<\/div>\n<\/div>\n<\/div>\n\n\n\n<div class=\"wp-block-columns alignwide is-layout-flex wp-container-core-columns-is-layout-cb1de518 wp-block-columns-is-layout-flex\">\n<div class=\"wp-block-column is-layout-flow wp-block-column-is-layout-flow\" style=\"padding-top:24px;padding-bottom:24px\">\n<h3 class=\"wp-block-heading has-text-align-left alignwide is-service-name\"><strong>Precios<\/strong><\/h3>\n<\/div>\n\n\n\n<div class=\"wp-block-column is-layout-flow wp-block-column-is-layout-flow\">\n<div class=\"wp-block-group alignwide is-layout-flow wp-block-group-is-layout-flow\" style=\"border-bottom-width:1px;padding-top:40px;padding-bottom:40px\">\n<p class=\"is-service-description wp-block-paragraph\">Los precios acordados son vinculantes tanto para el arrendador como para el arrendatario. No obstante, el arrendador se reserva el derecho a aumentar los precios como consecuencia del incremento de los costes debido al aumento de los impuestos y aranceles u otras circunstancias ajenas al control del arrendador. <\/p>\n<\/div>\n<\/div>\n<\/div>\n\n\n\n<div class=\"wp-block-columns alignwide is-layout-flex wp-container-core-columns-is-layout-cb1de518 wp-block-columns-is-layout-flex\">\n<div class=\"wp-block-column is-layout-flow wp-block-column-is-layout-flow\" style=\"padding-top:24px;padding-bottom:24px\">\n<h3 class=\"wp-block-heading has-text-align-left alignwide is-service-name\"><strong>Reservas<\/strong><\/h3>\n<\/div>\n\n\n\n<div class=\"wp-block-column is-layout-flow wp-block-column-is-layout-flow\">\n<div class=\"wp-block-group alignwide is-layout-flow wp-block-group-is-layout-flow\" style=\"border-bottom-width:1px;padding-top:40px;padding-bottom:40px\">\n<p class=\"is-service-description wp-block-paragraph\">El arrendador no se hace responsable de condiciones de nieve insatisfactorias, instalaciones cerradas u otras condiciones fuera de nuestro control (con la excepci\u00f3n de lo mencionado en la secci\u00f3n \u00abgarant\u00eda de nieve\u00bb anterior). <\/p>\n<\/div>\n<\/div>\n<\/div>\n\n\n\n<h2 class=\"wp-block-heading has-text-align-left alignwide\"><\/h2>\n\n\n\n<div class=\"wp-block-columns alignwide is-layout-flex wp-container-core-columns-is-layout-cb1de518 wp-block-columns-is-layout-flex\">\n<div class=\"wp-block-column is-layout-flow wp-block-column-is-layout-flow\" style=\"padding-top:24px;padding-bottom:24px\">\n<h3 class=\"wp-block-heading has-text-align-left alignwide is-service-name\"><strong><strong>Denuncia<\/strong><\/strong><\/h3>\n<\/div>\n\n\n\n<div class=\"wp-block-column is-layout-flow wp-block-column-is-layout-flow\">\n<div class=\"wp-block-group alignwide is-layout-flow wp-block-group-is-layout-flow\" style=\"border-bottom-width:1px;padding-top:40px;padding-bottom:40px\">\n<p class=\"is-service-description wp-block-paragraph\">Cualquier queja durante la estancia debe presentarse al propietario in situ, en un plazo razonable, y a m\u00e1s tardar a las 10.00 h. del d\u00eda siguiente a la llegada, para que el defecto\/error pueda corregirse inmediatamente y con las menores molestias posibles para el hu\u00e9sped. Si no se presenta una queja, normalmente se perder\u00e1 el derecho a posteriores reclamaciones de indemnizaci\u00f3n.  <\/p>\n<\/div>\n<\/div>\n<\/div>\n\n\n\n<div class=\"wp-block-columns alignwide is-layout-flex wp-container-core-columns-is-layout-cb1de518 wp-block-columns-is-layout-flex\">\n<div class=\"wp-block-column is-layout-flow wp-block-column-is-layout-flow\" style=\"padding-top:24px;padding-bottom:24px\">\n<h3 class=\"wp-block-heading has-text-align-left alignwide is-service-name\"><strong><strong>Fianza<\/strong><\/strong><\/h3>\n<\/div>\n\n\n\n<div class=\"wp-block-column is-layout-flow wp-block-column-is-layout-flow\">\n<div class=\"wp-block-group alignwide is-layout-flow wp-block-group-is-layout-flow\" style=\"border-bottom-width:1px;padding-top:40px;padding-bottom:40px\">\n<p class=\"is-service-description wp-block-paragraph\">En el momento de la entrada, el propietario se reserva el derecho a cobrar una fianza. La fianza es una garant\u00eda contra el vandalismo y similares. <\/p>\n<\/div>\n<\/div>\n<\/div>\n\n\n\n<div class=\"wp-block-columns alignwide is-layout-flex wp-container-core-columns-is-layout-cb1de518 wp-block-columns-is-layout-flex\">\n<div class=\"wp-block-column is-layout-flow wp-block-column-is-layout-flow\" style=\"padding-top:24px;padding-bottom:24px\">\n<h3 class=\"wp-block-heading has-text-align-left alignwide is-service-name\"><strong><strong>Horario de entrada y salida<\/strong><\/strong><\/h3>\n<\/div>\n\n\n\n<div class=\"wp-block-column is-layout-flow wp-block-column-is-layout-flow\">\n<div class=\"wp-block-group alignwide is-layout-flow wp-block-group-is-layout-flow\" style=\"border-bottom-width:1px;padding-top:40px;padding-bottom:40px\">\n<p class=\"is-service-description wp-block-paragraph\">La entrada es a partir de las 17.00 y la salida antes de las 11.00 en todas nuestras unidades. La salida tard\u00eda conlleva un cargo de 500 NOK por hora o fracci\u00f3n. En algunas de nuestras unidades, la entrada anticipada y la salida tard\u00eda se venden como servicio adicional. La entrada anticipada y la salida tard\u00eda son en.      14.00. Las llaves se pueden recoger y entregar en la recepci\u00f3n del propietario.<\/p>\n<\/div>\n<\/div>\n<\/div>\n<\/div>\n<\/div>\n\n\n\n<div class=\"wp-block-group alignfull is-style-section-3 is-content-justification-center is-layout-constrained wp-container-core-group-is-layout-b54e18b3 wp-block-group-is-layout-constrained\" style=\"margin-top:0;margin-bottom:0;padding-top:var(--wp--preset--spacing--50);padding-bottom:var(--wp--preset--spacing--50)\">\n<h2 class=\"wp-block-heading has-text-align-left alignwide\"><\/h2>\n\n\n\n<div class=\"wp-block-group alignwide is-layout-flow wp-container-core-group-is-layout-a7dce961 wp-block-group-is-layout-flow\">\n<div class=\"wp-block-columns alignwide is-layout-flex wp-container-core-columns-is-layout-cb1de518 wp-block-columns-is-layout-flex\">\n<div class=\"wp-block-column is-layout-flow wp-block-column-is-layout-flow\" style=\"padding-top:24px;padding-bottom:24px\">\n<h3 class=\"wp-block-heading has-text-align-left alignwide is-service-name\"><strong><strong>Disputas<\/strong><\/strong><\/h3>\n<\/div>\n\n\n\n<div class=\"wp-block-column is-layout-flow wp-block-column-is-layout-flow\">\n<div class=\"wp-block-group alignwide is-layout-flow wp-block-group-is-layout-flow\" style=\"border-bottom-width:1px;padding-top:40px;padding-bottom:40px\">\n<p class=\"is-service-description wp-block-paragraph\">Se pide al inquilino que se ponga en contacto con el propietario si hay algo que pueda retrasar la estancia reservada. Si el inquilino y el propietario no consiguen llegar a un acuerdo, cualquier disputa se tratar\u00e1 de acuerdo con la legislaci\u00f3n noruega. Si la disputa no se resuelve amistosamente, se aplicar\u00e1 la protecci\u00f3n de la propiedad de la empresa.  <\/p>\n<\/div>\n<\/div>\n<\/div>\n\n\n\n<div class=\"wp-block-columns alignwide is-layout-flex wp-container-core-columns-is-layout-cb1de518 wp-block-columns-is-layout-flex\">\n<div class=\"wp-block-column is-layout-flow wp-block-column-is-layout-flow\" style=\"padding-top:24px;padding-bottom:24px\">\n<h3 class=\"wp-block-heading has-text-align-left alignwide is-service-name\"><strong><strong>Fuerza mayor<\/strong><\/strong><\/h3>\n<\/div>\n\n\n\n<div class=\"wp-block-column is-layout-flow wp-block-column-is-layout-flow\">\n<div class=\"wp-block-group alignwide is-layout-flow wp-block-group-is-layout-flow\" style=\"border-bottom-width:1px;padding-top:40px;padding-bottom:40px\">\n<p class=\"is-service-description wp-block-paragraph\">Los acontecimientos ajenos al control de las partes contratantes, como huelgas, incendios, desastres naturales, que imposibiliten el cumplimiento de las obligaciones de este acuerdo, dan derecho a rescindir el acuerdo sin responsabilidad.<\/p>\n<\/div>\n<\/div>\n<\/div>\n\n\n\n<div class=\"wp-block-columns alignwide is-layout-flex wp-container-core-columns-is-layout-cb1de518 wp-block-columns-is-layout-flex\">\n<div class=\"wp-block-column is-layout-flow wp-block-column-is-layout-flow\" style=\"padding-top:24px;padding-bottom:24px\">\n<h3 class=\"wp-block-heading has-text-align-left alignwide is-service-name\"><strong><strong>Pol\u00edtica de privacidad<\/strong><\/strong><\/h3>\n<\/div>\n\n\n\n<div class=\"wp-block-column is-layout-flow wp-block-column-is-layout-flow\">\n<div class=\"wp-block-group alignwide is-layout-flow wp-block-group-is-layout-flow\" style=\"border-bottom-width:1px;padding-top:40px;padding-bottom:40px\">\n<p class=\"is-service-description wp-block-paragraph\">Al confirmar la reserva, el hu\u00e9sped acepta que el propietario procese sus datos personales. Esto es necesario para que el casero pueda ponerse en contacto con el inquilino en relaci\u00f3n con la estancia y otras gestiones administrativas del hu\u00e9sped. Los datos tambi\u00e9n pueden utilizarse para informar sobre ofertas relacionadas con viajes y encuestas a los hu\u00e9spedes.  <\/p>\n<\/div>\n<\/div>\n<\/div>\n\n\n\n<h2 class=\"wp-block-heading has-text-align-left alignwide\"><\/h2>\n\n\n\n<div class=\"wp-block-columns alignwide is-layout-flex wp-container-core-columns-is-layout-cb1de518 wp-block-columns-is-layout-flex\">\n<div class=\"wp-block-column is-layout-flow wp-block-column-is-layout-flow\" style=\"padding-top:24px;padding-bottom:24px\">\n<h3 class=\"wp-block-heading has-text-align-left alignwide is-service-name\"><strong><strong><strong>Otros<\/strong><\/strong><\/strong><\/h3>\n<\/div>\n\n\n\n<div class=\"wp-block-column is-layout-flow wp-block-column-is-layout-flow\">\n<div class=\"wp-block-group alignwide is-layout-flow wp-block-group-is-layout-flow\" style=\"border-bottom-width:1px;padding-top:40px;padding-bottom:40px\">\n<p class=\"is-service-description wp-block-paragraph\">El precio del alojamiento no incluye: le\u00f1a, papel higi\u00e9nico, trona ni cuna, salvo que se indique lo contrario.<\/p>\n\n\n\n<p class=\"wp-block-paragraph\">Se cobrar\u00e1 una tasa de 500 NOK + gastos de env\u00edo por la devoluci\u00f3n de objetos perdidos. Los objetos perdidos no reclamados se eliminar\u00e1n 3 meses despu\u00e9s de la salida. <\/p>\n\n\n\n<p class=\"is-service-description wp-block-paragraph\">La tasa por traer animales de compa\u00f1\u00eda es de 550 NOK.<\/p>\n<\/div>\n<\/div>\n<\/div>\n\n\n\n<div class=\"wp-block-columns alignwide is-layout-flex wp-container-core-columns-is-layout-cb1de518 wp-block-columns-is-layout-flex\">\n<div class=\"wp-block-column is-layout-flow wp-block-column-is-layout-flow\" style=\"padding-top:24px;padding-bottom:24px\">\n<h3 class=\"wp-block-heading has-text-align-left alignwide is-service-name\"><strong><strong>Posible impuesto tur\u00edstico\/contribuci\u00f3n de los visitantes<\/strong><\/strong><\/h3>\n<\/div>\n\n\n\n<div class=\"wp-block-column is-layout-flow wp-block-column-is-layout-flow\">\n<div class=\"wp-block-group alignwide is-layout-flow wp-block-group-is-layout-flow\" style=\"border-bottom-width:1px;padding-top:40px;padding-bottom:40px\">\n<p class=\"is-service-description wp-block-paragraph\">Actualmente no se aplica en Trysil. Sin embargo, BNO TRAVEL se reserva el derecho a cobrarlo si se introduce una tasa tur\u00edstica\/contribuci\u00f3n de estancia en Trysil. Cualquier introducci\u00f3n p\u00fablica de la tasa tur\u00edstica\/contribuci\u00f3n de estancia se anunciar\u00e1 lo antes posible. Adem\u00e1s, el hu\u00e9sped deber\u00e1 abonarla al registrarse.     <\/p>\n<\/div>\n<\/div>\n<\/div>\n\n\n\n<div class=\"wp-block-columns alignwide is-layout-flex wp-container-core-columns-is-layout-cb1de518 wp-block-columns-is-layout-flex\">\n<div class=\"wp-block-column is-layout-flow wp-block-column-is-layout-flow\" style=\"padding-top:24px;padding-bottom:24px\"><\/div>\n\n\n\n<div class=\"wp-block-column is-layout-flow wp-block-column-is-layout-flow\"><\/div>\n<\/div>\n<\/div>\n<\/div>\n\n\n\n<div class=\"wp-block-group alignfull is-content-justification-left is-layout-constrained wp-container-core-group-is-layout-b4ff98b1 wp-block-group-is-layout-constrained\" style=\"margin-top:0;margin-bottom:0;padding-top:var(--wp--preset--spacing--40);padding-right:var(--wp--preset--spacing--40)\">\n<div style=\"height:calc( 0.25 * var(--wp--style--root--padding-right, var(--wp--custom--gap--horizontal)))\" aria-hidden=\"true\" class=\"wp-block-spacer\"><\/div>\n<\/div>\n<\/div>\n<\/div>\n\n<p class=\"wp-block-paragraph\"><\/p>\n","protected":false},"excerpt":{"rendered":"<p>Las condiciones de reserva se aplican a BNO TRAVEL NO-2420 Trysil, n\u00ba org. , tel\u00e9fono (+47) como intermediario del arrendador. Las condiciones se aplican entre BNO TRAVEL, en lo sucesivo denominado arrendador, y la persona responsable del alquiler del alojamiento con BNO TRAVEL y sus compa\u00f1eros de viaje, en lo sucesivo denominado arrendatario. El acuerdo [&hellip;]<\/p>\n","protected":false},"author":260013438,"featured_media":0,"parent":0,"menu_order":0,"comment_status":"closed","ping_status":"closed","template":"","meta":{"_crdt_document":"","footnotes":""},"class_list":["post-1926","page","type-page","status-publish","hentry"],"jetpack_likes_enabled":true,"jetpack_sharing_enabled":true,"jetpack_shortlink":"https:\/\/wp.me\/PgDuwj-v4","jetpack-related-posts":[{"id":28337,"url":"https:\/\/bno-travel.com\/es\/inspiracion-para-viajar\/","url_meta":{"origin":1926,"position":0},"title":"Inspiraci\u00f3n para viajar","author":"Jan Terje \u00c5s","date":"3 de abril de 2026","format":false,"excerpt":"","rel":"","context":"Entrada similar","block_context":{"text":"Entrada similar","link":""},"img":{"alt_text":"","src":"","width":0,"height":0},"classes":[]},{"id":28321,"url":"https:\/\/bno-travel.com\/es\/","url_meta":{"origin":1926,"position":1},"title":"P\u00e1gina de inicio","author":"Jan Terje \u00c5s","date":"3 de abril de 2026","format":false,"excerpt":"Planifica tu viaje m\u00e1s f\u00e1cilmente con BNO Travel Encuentra alojamiento en destinos seleccionados, busca vuelos para viajes cercanos y lejanos, y reserva coches de alquiler para tener libertad para ir m\u00e1s lejos. Todo en una soluci\u00f3n ordenada y f\u00e1cil de usar. Buscar alojamiento Buscar vuelos Buscar alquiler de coches Selecci\u00f3n\u2026","rel":"","context":"Entrada similar","block_context":{"text":"Entrada similar","link":""},"img":{"alt_text":"","src":"","width":0,"height":0},"classes":[]},{"id":2752,"url":"https:\/\/bno-travel.com\/es\/tu-viaje\/","url_meta":{"origin":1926,"position":2},"title":"Tu viaje a Trysil y S\u00e4len","author":"Jan Terje \u00c5s","date":"11 de julio de 2025","format":false,"excerpt":"Encuentra tu lugar favorito Tu viaje a Trysil y S\u00e4len. \u00bfSue\u00f1as con unas vacaciones de monta\u00f1a en Trysil o S\u00e4len? Tu viaje con BNO Travel ofrece vacaciones seguras y flexibles a los destinos de deportes de invierno m\u00e1s populares de Noruega y Suecia. Disfruta del esqu\u00ed, la nieve, las experiencias\u2026","rel":"","context":"Entrada similar","block_context":{"text":"Entrada similar","link":""},"img":{"alt_text":"Vandring i Trysil Skagsvola - en herlig vandretur for hele familien.","src":"https:\/\/i0.wp.com\/bno-travel.com\/wp-content\/uploads\/2025\/06\/28177379886_c8a50193b0_c.jpg?resize=350%2C200","width":350,"height":200,"srcset":"https:\/\/i0.wp.com\/bno-travel.com\/wp-content\/uploads\/2025\/06\/28177379886_c8a50193b0_c.jpg?resize=350%2C200 1x, https:\/\/i0.wp.com\/bno-travel.com\/wp-content\/uploads\/2025\/06\/28177379886_c8a50193b0_c.jpg?resize=525%2C300 1.5x, https:\/\/i0.wp.com\/bno-travel.com\/wp-content\/uploads\/2025\/06\/28177379886_c8a50193b0_c.jpg?resize=700%2C400 2x"},"classes":[]},{"id":1882,"url":"https:\/\/bno-travel.com\/pt-pt\/viajar-aqui-para-trysil\/","url_meta":{"origin":1926,"position":3},"title":"Viajar aqui para Trysil","author":"Jan Terje \u00c5s","date":"11 de julio de 2025","format":false,"excerpt":"Como chegar a Trysil - de avi\u00e3o, aluguer de autom\u00f3veis, autocarro, comboio ou carro particular \u2708\ufe0f De avi\u00e3o para o Aeroporto Gardermoen de Oslo (OSL) O aeroporto de Oslo \u00e9 o ponto de entrada mais comum para os viajantes de Trysil. H\u00e1 voos diretos de v\u00e1rias cidades europeias importantes. Continua\u2026","rel":"","context":"Entrada similar","block_context":{"text":"Entrada similar","link":""},"img":{"alt_text":"Trysil Ski resort, skiferie i Trysil,","src":"https:\/\/i0.wp.com\/bno-travel.com\/wp-content\/uploads\/2025\/06\/10001-20191216-Drone0784-scaled-1.jpg?resize=350%2C200&ssl=1","width":350,"height":200,"srcset":"https:\/\/i0.wp.com\/bno-travel.com\/wp-content\/uploads\/2025\/06\/10001-20191216-Drone0784-scaled-1.jpg?resize=350%2C200&ssl=1 1x, https:\/\/i0.wp.com\/bno-travel.com\/wp-content\/uploads\/2025\/06\/10001-20191216-Drone0784-scaled-1.jpg?resize=525%2C300&ssl=1 1.5x, https:\/\/i0.wp.com\/bno-travel.com\/wp-content\/uploads\/2025\/06\/10001-20191216-Drone0784-scaled-1.jpg?resize=700%2C400&ssl=1 2x, https:\/\/i0.wp.com\/bno-travel.com\/wp-content\/uploads\/2025\/06\/10001-20191216-Drone0784-scaled-1.jpg?resize=1050%2C600&ssl=1 3x, https:\/\/i0.wp.com\/bno-travel.com\/wp-content\/uploads\/2025\/06\/10001-20191216-Drone0784-scaled-1.jpg?resize=1400%2C800&ssl=1 4x"},"classes":[]},{"id":34773,"url":"https:\/\/bno-travel.com\/es\/terminos-publicos\/","url_meta":{"origin":1926,"position":4},"title":"T\u00e9rminos p\u00fablicos","author":"Jan Terje \u00c5s","date":"13 de abril de 2026","format":false,"excerpt":"Condiciones de asociaci\u00f3n Condiciones p\u00fablicas y principios de cooperaci\u00f3n para los socios de alojamiento profesional Esta p\u00e1gina describe los principios generales de la cooperaci\u00f3n entre BNO Travel y los operadores de alojamiento profesionales. El modelo comercial, las condiciones individuales y las configuraciones espec\u00edficas de cada socio se acuerdan por separado\u2026","rel":"","context":"Entrada similar","block_context":{"text":"Entrada similar","link":""},"img":{"alt_text":"","src":"","width":0,"height":0},"classes":[]},{"id":1917,"url":"https:\/\/bno-travel.com\/es\/viajar-a-trysil\/","url_meta":{"origin":1926,"position":5},"title":"Viajar a Trysil","author":"Jan Terje \u00c5s","date":"11 de julio de 2025","format":false,"excerpt":"C\u00f3mo llegar a Trysil - en avi\u00f3n, coche de alquiler, autob\u00fas, tren o coche privado \u2708\ufe0f En avi\u00f3n al aeropuerto de Oslo Gardermoen (OSL) El aeropuerto de Oslo es el punto de entrada m\u00e1s habitual para los viajeros de Trysil. Hay vuelos directos desde varias ciudades europeas importantes. Contin\u00faa hacia\u2026","rel":"","context":"Entrada similar","block_context":{"text":"Entrada similar","link":""},"img":{"alt_text":"Trysil Ski resort, skiferie i Trysil,","src":"https:\/\/i0.wp.com\/bno-travel.com\/wp-content\/uploads\/2025\/06\/10001-20191216-Drone0784-scaled-1.jpg?resize=350%2C200&ssl=1","width":350,"height":200,"srcset":"https:\/\/i0.wp.com\/bno-travel.com\/wp-content\/uploads\/2025\/06\/10001-20191216-Drone0784-scaled-1.jpg?resize=350%2C200&ssl=1 1x, https:\/\/i0.wp.com\/bno-travel.com\/wp-content\/uploads\/2025\/06\/10001-20191216-Drone0784-scaled-1.jpg?resize=525%2C300&ssl=1 1.5x, https:\/\/i0.wp.com\/bno-travel.com\/wp-content\/uploads\/2025\/06\/10001-20191216-Drone0784-scaled-1.jpg?resize=700%2C400&ssl=1 2x, https:\/\/i0.wp.com\/bno-travel.com\/wp-content\/uploads\/2025\/06\/10001-20191216-Drone0784-scaled-1.jpg?resize=1050%2C600&ssl=1 3x, https:\/\/i0.wp.com\/bno-travel.com\/wp-content\/uploads\/2025\/06\/10001-20191216-Drone0784-scaled-1.jpg?resize=1400%2C800&ssl=1 4x"},"classes":[]}],"_links":{"self":[{"href":"https:\/\/bno-travel.com\/es\/wp-json\/wp\/v2\/pages\/1926","targetHints":{"allow":["GET"]}}],"collection":[{"href":"https:\/\/bno-travel.com\/es\/wp-json\/wp\/v2\/pages"}],"about":[{"href":"https:\/\/bno-travel.com\/es\/wp-json\/wp\/v2\/types\/page"}],"author":[{"embeddable":true,"href":"https:\/\/bno-travel.com\/es\/wp-json\/wp\/v2\/users\/260013438"}],"replies":[{"embeddable":true,"href":"https:\/\/bno-travel.com\/es\/wp-json\/wp\/v2\/comments?post=1926"}],"version-history":[{"count":4,"href":"https:\/\/bno-travel.com\/es\/wp-json\/wp\/v2\/pages\/1926\/revisions"}],"predecessor-version":[{"id":28266,"href":"https:\/\/bno-travel.com\/es\/wp-json\/wp\/v2\/pages\/1926\/revisions\/28266"}],"wp:attachment":[{"href":"https:\/\/bno-travel.com\/es\/wp-json\/wp\/v2\/media?parent=1926"}],"curies":[{"name":"wp","href":"https:\/\/api.w.org\/{rel}","templated":true}]}}