{"id":4426,"date":"2025-07-18T20:23:13","date_gmt":"2025-07-18T18:23:13","guid":{"rendered":"https:\/\/bno-travel.com\/?page_id=4426"},"modified":"2025-07-18T20:23:59","modified_gmt":"2025-07-18T18:23:59","slug":"alpin-skidakning-i-trysil","status":"publish","type":"page","link":"https:\/\/bno-travel.com\/sv\/alpin-skidakning-i-trysil\/","title":{"rendered":"Alpin skid\u00e5kning i Trysil"},"content":{"rendered":"\n<p class=\"wp-block-paragraph\"><\/p>\n\n<div class=\"wp-block-cover alignfull is-light\" style=\"margin-top:0;margin-bottom:0;padding-top:var(--wp--preset--spacing--20);padding-right:var(--wp--preset--spacing--40);padding-bottom:var(--wp--preset--spacing--20);padding-left:var(--wp--preset--spacing--40);min-height:1100px;aspect-ratio:unset;\"><img data-recalc-dims=\"1\" fetchpriority=\"high\" decoding=\"async\" width=\"800\" height=\"534\" class=\"wp-block-cover__image-background wp-image-2122 size-large\" alt=\"Alpint i Trysil\" src=\"https:\/\/i0.wp.com\/bno-travel.com\/wp-content\/uploads\/2025\/06\/BTO_JAP9581.jpg?resize=800%2C534&#038;ssl=1\" style=\"object-position:65% 80%\" data-object-fit=\"cover\" data-object-position=\"65% 80%\" srcset=\"https:\/\/i0.wp.com\/bno-travel.com\/wp-content\/uploads\/2025\/06\/BTO_JAP9581.jpg?resize=1024%2C683&amp;ssl=1 1024w, https:\/\/i0.wp.com\/bno-travel.com\/wp-content\/uploads\/2025\/06\/BTO_JAP9581.jpg?resize=300%2C200&amp;ssl=1 300w, https:\/\/i0.wp.com\/bno-travel.com\/wp-content\/uploads\/2025\/06\/BTO_JAP9581.jpg?resize=768%2C512&amp;ssl=1 768w, https:\/\/i0.wp.com\/bno-travel.com\/wp-content\/uploads\/2025\/06\/BTO_JAP9581.jpg?resize=1536%2C1024&amp;ssl=1 1536w, https:\/\/i0.wp.com\/bno-travel.com\/wp-content\/uploads\/2025\/06\/BTO_JAP9581.jpg?resize=2048%2C1365&amp;ssl=1 2048w, https:\/\/i0.wp.com\/bno-travel.com\/wp-content\/uploads\/2025\/06\/BTO_JAP9581.jpg?w=1600&amp;ssl=1 1600w, https:\/\/i0.wp.com\/bno-travel.com\/wp-content\/uploads\/2025\/06\/BTO_JAP9581.jpg?w=2400&amp;ssl=1 2400w\" sizes=\"(max-width: 800px) 100vw, 800px\" \/><span aria-hidden=\"true\" class=\"wp-block-cover__background has-theme-1-background-color has-background-dim-30 has-background-dim\"><\/span><div class=\"wp-block-cover__inner-container is-layout-flow wp-block-cover-is-layout-flow\">\n<div style=\"height:var(--wp--preset--spacing--50)\" aria-hidden=\"true\" class=\"wp-block-spacer\"><\/div>\n\n\n\n<div class=\"wp-block-group is-layout-constrained wp-block-group-is-layout-constrained\">\n<p class=\"has-text-align-center wp-block-paragraph\"><\/p>\n\n\n\n<div class=\"wp-block-buttons is-content-justification-center is-layout-flex wp-container-core-buttons-is-layout-3e41869c wp-block-buttons-is-layout-flex\"><\/div>\n<\/div>\n\n\n\n<div style=\"height:var(--wp--preset--spacing--50)\" aria-hidden=\"true\" class=\"wp-block-spacer\"><\/div>\n<\/div><\/div>\n\n<div class=\"wp-block-group alignfull is-style-section-3 is-layout-constrained wp-block-group-is-layout-constrained\" style=\"margin-top:0;margin-bottom:0;padding-top:var(--wp--preset--spacing--40);padding-bottom:var(--wp--preset--spacing--40)\">\n<div class=\"wp-block-columns alignwide are-vertically-aligned-center is-layout-flex wp-container-core-columns-is-layout-d9ad523d wp-block-columns-is-layout-flex\">\n<div class=\"wp-block-column is-vertically-aligned-center is-layout-flow wp-block-column-is-layout-flow\">\n<figure class=\"wp-block-image size-full\"><img data-recalc-dims=\"1\" decoding=\"async\" width=\"732\" height=\"924\" src=\"https:\/\/i0.wp.com\/bno-travel.com\/wp-content\/uploads\/2025\/06\/AdobeStock_182554441-e1750784403298.jpeg?resize=732%2C924&#038;ssl=1\" alt=\"Alpin skid&#xE5;kning i Trysil\" class=\"wp-image-887\" style=\"aspect-ratio:3\/4;object-fit:cover\" title=\"titel\" srcset=\"https:\/\/i0.wp.com\/bno-travel.com\/wp-content\/uploads\/2025\/06\/AdobeStock_182554441-e1750784403298.jpeg?w=732&amp;ssl=1 732w, https:\/\/i0.wp.com\/bno-travel.com\/wp-content\/uploads\/2025\/06\/AdobeStock_182554441-e1750784403298.jpeg?resize=238%2C300&amp;ssl=1 238w\" sizes=\"(max-width: 732px) 100vw, 732px\" \/><\/figure>\n<\/div>\n\n\n\n<div class=\"wp-block-column is-vertically-aligned-center is-content-justification-left is-layout-constrained wp-container-core-column-is-layout-b64f6bf5 wp-block-column-is-layout-constrained\">\n<p class=\"wp-block-paragraph\"><\/p>\n\n\n\n<h2 class=\"wp-block-heading\">Alpin skid\u00e5kning i Trysil - Upplev Norges st\u00f6rsta och mest popul\u00e4ra skidort<\/h2>\n\n\n\n<p class=\"wp-block-paragraph\">V\u00e4lkommen till Trysil - Norges st\u00f6rsta alpina skidort och ett riktigt vinterparadis f\u00f6r hela familjen! Med milsl\u00e5nga preparerade pister, ett modernt liftsystem, barnv\u00e4nliga omr\u00e5den och en fantastisk fj\u00e4llnatur \u00e4r <strong>Trysilfjellet<\/strong> den ultimata destinationen f\u00f6r dig som \u00e4lskar alpin skid\u00e5kning. H\u00e4r hittar du skidupplevelser i v\u00e4rldsklass - oavsett niv\u00e5, \u00e5lder eller erfarenhet.  <\/p>\n\n\n\n<p class=\"wp-block-paragraph\">BNO TRAVEL hj\u00e4lper dig att planera en komplett skidsemester med boende, transport och aktiviteter, s\u00e5 att du kan koncentrera dig p\u00e5 det viktigaste - att njuta av sn\u00f6n och bergen!<\/p>\n\n\n\n<p class=\"wp-block-paragraph\">Trysil erbjuder ett brett utbud av kurser och utbildning genom professionella <strong>skidskolor<\/strong>, som \u00e4r idealiska f\u00f6r b\u00e5de nyb\u00f6rjare och avancerade skid\u00e5kare. Barn l\u00e4r sig i en trygg milj\u00f6, medan vuxna f\u00e5r tekniska tips f\u00f6r att ta sin skid\u00e5kning till n\u00e4sta niv\u00e5. <\/p>\n\n\n\n<p class=\"wp-block-paragraph\">Om du \u00e4r i behov av utrustning finns det flera <strong>skiduthyrningsst\u00e4llen<\/strong> \u00f6ver hela berget. H\u00e4r kan du hyra allt fr\u00e5n alpina skidor och snowboards till hj\u00e4lmar och pj\u00e4xor - i modernt och v\u00e4l underh\u00e5llet skick. <\/p>\n\n\n\n<p class=\"wp-block-paragraph\"><\/p>\n\n\n\n<div class=\"wp-block-buttons is-layout-flex wp-block-buttons-is-layout-flex\"><\/div>\n<\/div>\n<\/div>\n<\/div>\n\n<div class=\"wp-block-group alignfull is-style-default is-content-justification-center is-layout-constrained wp-container-core-group-is-layout-69af11d0 wp-block-group-is-layout-constrained\" style=\"margin-top:0;margin-bottom:0;padding-top:var(--wp--preset--spacing--40);padding-bottom:var(--wp--preset--spacing--40)\">\n<div class=\"wp-block-group alignwide is-content-justification-left is-layout-constrained wp-container-core-group-is-layout-54d22900 wp-block-group-is-layout-constrained\">\n<p class=\"wp-block-paragraph\">Skidorten \u00e4r indelad i fyra bergssidor: <strong>Turistcentrum, H\u00f6gfj\u00e4llscentrum, H\u00f8gegga och Skihytta<\/strong>. Dessa \u00e4r s\u00f6ml\u00f6st sammankopplade med ett effektivt liftn\u00e4t och v\u00e4l markerade leder. Det \u00e4r l\u00e4tt att ta sig runt h\u00e4r och allt \u00e4r utformat f\u00f6r att hela familjen ska f\u00e5 ut s\u00e5 mycket som m\u00f6jligt av sina skiddagar.  <\/p>\n<\/div>\n<\/div>\n\n<div class=\"wp-block-group alignfull is-content-justification-center is-layout-constrained wp-container-core-group-is-layout-b3b39ffb wp-block-group-is-layout-constrained\" style=\"margin-top:0;margin-bottom:0;padding-top:var(--wp--preset--spacing--50);padding-bottom:var(--wp--preset--spacing--50)\">\n<div class=\"wp-block-columns alignwide is-layout-flex wp-container-core-columns-is-layout-d13ba5fd wp-block-columns-is-layout-flex\">\n<div class=\"wp-block-column is-layout-flow wp-block-column-is-layout-flow\" style=\"padding-top:var(--wp--preset--spacing--10);padding-right:var(--wp--preset--spacing--10);padding-bottom:var(--wp--preset--spacing--10);padding-left:var(--wp--preset--spacing--10)\">\n<div class=\"wp-block-group is-content-justification-center is-layout-constrained wp-container-core-group-is-layout-df92c26a wp-block-group-is-layout-constrained\">\n<div class=\"wp-block-group is-vertical is-content-justification-center is-nowrap is-layout-flex wp-container-core-group-is-layout-52f1f3f7 wp-block-group-is-layout-flex\">\n<figure class=\"wp-block-image size-full is-resized has-custom-border\"><img data-recalc-dims=\"1\" decoding=\"async\" width=\"800\" height=\"533\" src=\"https:\/\/i0.wp.com\/bno-travel.com\/wp-content\/uploads\/2025\/06\/10001-20191216-Drone0787-scaled-1.jpg?resize=800%2C533&#038;ssl=1\" alt=\"Trysiltunet\" class=\"wp-image-997\" style=\"border-radius:100px;aspect-ratio:1;object-fit:cover;width:48px\" srcset=\"https:\/\/i0.wp.com\/bno-travel.com\/wp-content\/uploads\/2025\/06\/10001-20191216-Drone0787-scaled-1.jpg?w=2560&amp;ssl=1 2560w, https:\/\/i0.wp.com\/bno-travel.com\/wp-content\/uploads\/2025\/06\/10001-20191216-Drone0787-scaled-1.jpg?resize=300%2C200&amp;ssl=1 300w, https:\/\/i0.wp.com\/bno-travel.com\/wp-content\/uploads\/2025\/06\/10001-20191216-Drone0787-scaled-1.jpg?resize=1024%2C682&amp;ssl=1 1024w, https:\/\/i0.wp.com\/bno-travel.com\/wp-content\/uploads\/2025\/06\/10001-20191216-Drone0787-scaled-1.jpg?resize=768%2C512&amp;ssl=1 768w, https:\/\/i0.wp.com\/bno-travel.com\/wp-content\/uploads\/2025\/06\/10001-20191216-Drone0787-scaled-1.jpg?resize=1536%2C1024&amp;ssl=1 1536w, https:\/\/i0.wp.com\/bno-travel.com\/wp-content\/uploads\/2025\/06\/10001-20191216-Drone0787-scaled-1.jpg?resize=2048%2C1365&amp;ssl=1 2048w, https:\/\/i0.wp.com\/bno-travel.com\/wp-content\/uploads\/2025\/06\/10001-20191216-Drone0787-scaled-1.jpg?w=1600&amp;ssl=1 1600w, https:\/\/i0.wp.com\/bno-travel.com\/wp-content\/uploads\/2025\/06\/10001-20191216-Drone0787-scaled-1.jpg?w=2400&amp;ssl=1 2400w\" sizes=\"(max-width: 800px) 100vw, 800px\" \/><\/figure>\n\n\n\n<div class=\"wp-block-group is-layout-flow wp-container-core-group-is-layout-8fbc3112 wp-block-group-is-layout-flow\">\n<p class=\"has-text-align-center is-testimonial-handle has-small-font-size wp-block-paragraph\" style=\"line-height:1\"><strong><a href=\"https:\/\/bno-travel.com\/sv\/?page_id=2723\">Trysil turistcenter  <\/a><\/strong><\/p>\n<\/div>\n<\/div>\n\n\n\n<div style=\"height:0\" aria-hidden=\"true\" class=\"wp-block-spacer\"><\/div>\n\n\n\n<p class=\"has-text-align-left is-testimonial-review wp-block-paragraph\">Detta \u00e4r huvudomr\u00e5det vid foten av berget och den mest livliga knutpunkten i Trysil. H\u00e4r hittar du: <\/p>\n\n\n\n<ul class=\"wp-block-list\">\n<li>Direkt tillg\u00e5ng till backar och liftar<\/li>\n\n\n\n<li>Barnomr\u00e5den och skidskolor<\/li>\n\n\n\n<li>Restauranger, afterski, butiker och skiduthyrning<\/li>\n\n\n\n<li>Bra boendealternativ i l\u00e4genheter och p\u00e5 hotell<\/li>\n<\/ul>\n\n\n\n<p class=\"has-text-align-left is-testimonial-review wp-block-paragraph\">Trysil Turistsenter \u00e4r perfekt f\u00f6r dig som vill bo mitt i h\u00e4ndelsernas centrum, med g\u00e5ngavst\u00e5nd till allt du beh\u00f6ver.<\/p>\n<\/div>\n\n\n\n<div class=\"wp-block-group is-content-justification-center is-layout-constrained wp-container-core-group-is-layout-df92c26a wp-block-group-is-layout-constrained\">\n<div class=\"wp-block-group is-vertical is-content-justification-center is-nowrap is-layout-flex wp-container-core-group-is-layout-52f1f3f7 wp-block-group-is-layout-flex\">\n<figure class=\"wp-block-image size-full is-resized has-custom-border\"><img data-recalc-dims=\"1\" loading=\"lazy\" decoding=\"async\" width=\"640\" height=\"424\" src=\"https:\/\/i0.wp.com\/bno-travel.com\/wp-content\/uploads\/2025\/06\/1Snohvit.jpg?resize=640%2C424&#038;ssl=1\" alt=\"Trysil h&#xF6;gfj&#xE4;llscenter\" class=\"wp-image-1989\" style=\"border-radius:100px;aspect-ratio:1;object-fit:cover;width:48px\" srcset=\"https:\/\/i0.wp.com\/bno-travel.com\/wp-content\/uploads\/2025\/06\/1Snohvit.jpg?w=640&amp;ssl=1 640w, https:\/\/i0.wp.com\/bno-travel.com\/wp-content\/uploads\/2025\/06\/1Snohvit.jpg?resize=300%2C199&amp;ssl=1 300w\" sizes=\"(max-width: 640px) 100vw, 640px\" \/><\/figure>\n\n\n\n<div class=\"wp-block-group is-layout-flow wp-container-core-group-is-layout-8fbc3112 wp-block-group-is-layout-flow\">\n<p class=\"has-text-align-center is-testimonial-handle has-small-font-size wp-block-paragraph\" style=\"line-height:1\"><a href=\"https:\/\/bno-travel.com\/sv\/?page_id=2727\"><strong>Trysil H\u00f8yfjellssenter \/ Fager\u00e5sen<\/strong><\/a><\/p>\n<\/div>\n<\/div>\n\n\n\n<div style=\"height:0\" aria-hidden=\"true\" class=\"wp-block-spacer\"><\/div>\n\n\n\n<p class=\"has-text-align-left is-testimonial-review wp-block-paragraph\">H\u00f6gre upp i bergen ligger <strong>Fager\u00e5sen<\/strong>, \u00e4ven k\u00e4nd som Trysil H\u00f8yfjellssenter. H\u00e4r \u00e4r vad du f\u00e5r:<\/p>\n\n\n\n<ul class=\"wp-block-list\">\n<li>Vacker utsikt och lugnare omgivningar<\/li>\n\n\n\n<li>Familjev\u00e4nliga stigar och barnomr\u00e5den<\/li>\n\n\n\n<li>S\u00e4rskilt servicecenter med livsmedelsbutik och skiduthyrning<\/li>\n\n\n\n<li>Direkt ski-in\/ski-out fr\u00e5n m\u00e5nga stugor och l\u00e4genheter<\/li>\n<\/ul>\n\n\n\n<p class=\"has-text-align-left is-testimonial-review wp-block-paragraph\">Detta omr\u00e5de \u00e4r perfekt f\u00f6r familjer och f\u00f6r dem som vill ha en mer avslappnad atmosf\u00e4r.  <\/p>\n<\/div>\n<\/div>\n\n\n\n<div class=\"wp-block-column is-layout-flow wp-block-column-is-layout-flow\" style=\"padding-top:var(--wp--preset--spacing--10);padding-right:var(--wp--preset--spacing--10);padding-bottom:var(--wp--preset--spacing--10);padding-left:var(--wp--preset--spacing--10)\">\n<div class=\"wp-block-group is-content-justification-center is-layout-constrained wp-container-core-group-is-layout-df92c26a wp-block-group-is-layout-constrained\">\n<div class=\"wp-block-group is-vertical is-content-justification-center is-nowrap is-layout-flex wp-container-core-group-is-layout-52f1f3f7 wp-block-group-is-layout-flex\">\n<figure class=\"wp-block-image size-full is-resized has-custom-border\"><img data-recalc-dims=\"1\" loading=\"lazy\" decoding=\"async\" width=\"800\" height=\"533\" src=\"https:\/\/i0.wp.com\/bno-travel.com\/wp-content\/uploads\/2025\/07\/10001-20191216-Drone0739-scaled-1.jpg?resize=800%2C533&#038;ssl=1\" alt=\"Trysilfjell Stugomr&#xE5;de\" class=\"wp-image-3171\" style=\"border-radius:100px;aspect-ratio:1;object-fit:cover;width:48px\" srcset=\"https:\/\/i0.wp.com\/bno-travel.com\/wp-content\/uploads\/2025\/07\/10001-20191216-Drone0739-scaled-1.jpg?w=2560&amp;ssl=1 2560w, https:\/\/i0.wp.com\/bno-travel.com\/wp-content\/uploads\/2025\/07\/10001-20191216-Drone0739-scaled-1.jpg?resize=300%2C200&amp;ssl=1 300w, https:\/\/i0.wp.com\/bno-travel.com\/wp-content\/uploads\/2025\/07\/10001-20191216-Drone0739-scaled-1.jpg?resize=1024%2C682&amp;ssl=1 1024w, https:\/\/i0.wp.com\/bno-travel.com\/wp-content\/uploads\/2025\/07\/10001-20191216-Drone0739-scaled-1.jpg?resize=768%2C512&amp;ssl=1 768w, https:\/\/i0.wp.com\/bno-travel.com\/wp-content\/uploads\/2025\/07\/10001-20191216-Drone0739-scaled-1.jpg?resize=1536%2C1024&amp;ssl=1 1536w, https:\/\/i0.wp.com\/bno-travel.com\/wp-content\/uploads\/2025\/07\/10001-20191216-Drone0739-scaled-1.jpg?resize=2048%2C1365&amp;ssl=1 2048w, https:\/\/i0.wp.com\/bno-travel.com\/wp-content\/uploads\/2025\/07\/10001-20191216-Drone0739-scaled-1.jpg?w=1600&amp;ssl=1 1600w, https:\/\/i0.wp.com\/bno-travel.com\/wp-content\/uploads\/2025\/07\/10001-20191216-Drone0739-scaled-1.jpg?w=2400&amp;ssl=1 2400w\" sizes=\"(max-width: 800px) 100vw, 800px\" \/><\/figure>\n\n\n\n<div class=\"wp-block-group is-layout-flow wp-container-core-group-is-layout-8fbc3112 wp-block-group-is-layout-flow\">\n<p class=\"has-text-align-center is-testimonial-handle has-small-font-size wp-block-paragraph\" style=\"line-height:1\"><strong><a href=\"https:\/\/bno-travel.com\/sv\/?page_id=2732\">Trysilfjell Stugomr\u00e5de  <\/a><\/strong><\/p>\n<\/div>\n<\/div>\n\n\n\n<div style=\"height:0\" aria-hidden=\"true\" class=\"wp-block-spacer\"><\/div>\n\n\n\n<p class=\"has-text-align-left is-testimonial-review wp-block-paragraph\">Detta omr\u00e5de ligger mellan turistcentret och High Mountain Centre och \u00e4r k\u00e4nt f\u00f6r sina..:<\/p>\n\n\n\n<ul class=\"wp-block-list\">\n<li>Mysiga stugor med ski-in\/ski-out<\/li>\n\n\n\n<li>N\u00e4rhet till Skihytta och lugna skogsomr\u00e5den<\/li>\n\n\n\n<li>Bra f\u00f6rbindelser till b\u00e5de turistcentret och H\u00f8gegga<\/li>\n<\/ul>\n\n\n\n<p class=\"has-text-align-left is-testimonial-review wp-block-paragraph\">Detta \u00e4r en mer privat och traditionell bergsupplevelse, perfekt f\u00f6r dem som vill bo i en stuga med en riktig bergsatmosf\u00e4r.<\/p>\n\n\n\n<p class=\"wp-block-paragraph\"><\/p>\n<\/div>\n\n\n\n<div class=\"wp-block-group is-content-justification-center is-layout-constrained wp-container-core-group-is-layout-df92c26a wp-block-group-is-layout-constrained\">\n<div class=\"wp-block-group is-vertical is-content-justification-center is-nowrap is-layout-flex wp-container-core-group-is-layout-52f1f3f7 wp-block-group-is-layout-flex\">\n<figure class=\"wp-block-image size-full is-resized has-custom-border\"><img data-recalc-dims=\"1\" loading=\"lazy\" decoding=\"async\" width=\"800\" height=\"450\" src=\"https:\/\/i0.wp.com\/bno-travel.com\/wp-content\/uploads\/2025\/06\/sentrum_1920.jpg?resize=800%2C450&#038;ssl=1\" alt=\"\" class=\"wp-image-2226\" style=\"border-radius:100px;aspect-ratio:1;object-fit:cover;width:48px\" srcset=\"https:\/\/i0.wp.com\/bno-travel.com\/wp-content\/uploads\/2025\/06\/sentrum_1920.jpg?w=1920&amp;ssl=1 1920w, https:\/\/i0.wp.com\/bno-travel.com\/wp-content\/uploads\/2025\/06\/sentrum_1920.jpg?resize=300%2C169&amp;ssl=1 300w, https:\/\/i0.wp.com\/bno-travel.com\/wp-content\/uploads\/2025\/06\/sentrum_1920.jpg?resize=1024%2C576&amp;ssl=1 1024w, https:\/\/i0.wp.com\/bno-travel.com\/wp-content\/uploads\/2025\/06\/sentrum_1920.jpg?resize=768%2C432&amp;ssl=1 768w, https:\/\/i0.wp.com\/bno-travel.com\/wp-content\/uploads\/2025\/06\/sentrum_1920.jpg?resize=1536%2C864&amp;ssl=1 1536w, https:\/\/i0.wp.com\/bno-travel.com\/wp-content\/uploads\/2025\/06\/sentrum_1920.jpg?w=1600&amp;ssl=1 1600w\" sizes=\"(max-width: 800px) 100vw, 800px\" \/><\/figure>\n\n\n\n<div class=\"wp-block-group is-layout-flow wp-container-core-group-is-layout-8fbc3112 wp-block-group-is-layout-flow\">\n<p class=\"has-text-align-center is-testimonial-handle has-small-font-size wp-block-paragraph\" style=\"line-height:1\"><strong><a href=\"https:\/\/www.trysil.com\/trysil-sentrum\/\" target=\"_blank\" rel=\"noopener\">Trysil stadsk\u00e4rna<\/a> <\/strong><\/p>\n<\/div>\n<\/div>\n\n\n\n<div style=\"height:0\" aria-hidden=\"true\" class=\"wp-block-spacer\"><\/div>\n\n\n\n<p class=\"has-text-align-left is-testimonial-review wp-block-paragraph\">Trysil Sentrum \u00e4r kommunens naturliga centrum och ett viktigt komplement till fj\u00e4llomr\u00e5dena. I Trysil Sentrum hittar du: <\/p>\n\n\n\n<ul class=\"wp-block-list\">\n<li>Ett varierat utbud av butiker och k\u00f6pcentrum, caf\u00e9er och restauranger.<\/li>\n\n\n\n<li>Hagelund kulturhus med bio, konserter och evenemang<\/li>\n\n\n\n<li>Historiska byggnader och mysiga g\u00e5gator<\/li>\n<\/ul>\n\n\n\n<p class=\"has-text-align-left is-testimonial-review wp-block-paragraph\">  H\u00e4r kombineras en genuin sm\u00e5stadsatmosf\u00e4r med praktiska faciliteter, kulturupplevelser och shopping.  <\/p>\n<\/div>\n<\/div>\n<\/div>\n<\/div>\n\n<div class=\"wp-block-group alignfull is-content-justification-center is-layout-constrained wp-block-group-is-layout-constrained\" style=\"margin-top:0;margin-bottom:0;padding-top:var(--wp--preset--spacing--40);padding-bottom:var(--wp--preset--spacing--40)\">\n<div class=\"wp-block-columns alignwide are-vertically-aligned-center is-layout-flex wp-container-core-columns-is-layout-7387b849 wp-block-columns-is-layout-flex\">\n<div class=\"wp-block-column is-vertically-aligned-center is-content-justification-left is-layout-constrained wp-container-core-column-is-layout-b64f6bf5 wp-block-column-is-layout-constrained\">\n<h2 class=\"wp-block-heading has-xx-large-font-size\">Fakta om skidanl\u00e4ggningen i Trysil<\/h2>\n\n\n\n<p class=\"wp-block-paragraph\"><strong>Trysilfjellet<\/strong> \u00e4r Norges st\u00f6rsta skidcenter och erbjuder en bred och varierad terr\u00e4ng som passar alla. H\u00e4r \u00e4r n\u00e5gra nyckeltal och h\u00f6jdpunkter:<\/p>\n\n\n\n<ul class=\"wp-block-list\">\n<li><strong>70 kilometer preparerade alpina leder<\/strong><\/li>\n\n\n\n<li><strong>32 liftar<\/strong>, inklusive stolliftar och barnv\u00e4nliga tallriksliftar<\/li>\n\n\n\n<li><strong>89 nedfarter<\/strong>, fr\u00e5n gr\u00f6na nyb\u00f6rjarbackar till svarta utmaningar<\/li>\n\n\n\n<li><strong>Ny gondollift<\/strong> \u00f6ppnar i december 2025 - ger snabbare och bekv\u00e4mare tillg\u00e5ng till berget<\/li>\n\n\n\n<li><strong>Skidskola<\/strong> med professionella instrukt\u00f6rer f\u00f6r alla \u00e5ldrar och niv\u00e5er<\/li>\n\n\n\n<li><strong>Skiduthyrning<\/strong> med modern utrustning anpassad efter dina behov<\/li>\n<\/ul>\n\n\n\n<p class=\"wp-block-paragraph\"><strong>Ny gondol - december 2025<\/strong><\/p>\n\n\n\n<p class=\"wp-block-paragraph\">Fr\u00e5n och med december 2025 kan du uppleva en helt ny, toppmodern <strong>gondollift<\/strong> i Trysil. Den kommer att ge snabb, bekv\u00e4m och v\u00e4derskyddad transport fr\u00e5n dalen till h\u00f6jderna - perfekt f\u00f6r b\u00e5de skidentusiaster och familjer. Gondolen kommer att st\u00e4rka kopplingen mellan olika delar av berget och f\u00f6rb\u00e4ttra fl\u00f6det i anl\u00e4ggningen, s\u00e4rskilt under h\u00f6gs\u00e4song.  <\/p>\n\n\n\n<p class=\"wp-block-paragraph\"><\/p>\n<\/div>\n\n\n\n<div class=\"wp-block-column is-vertically-aligned-center is-layout-flow wp-block-column-is-layout-flow\">\n<figure class=\"wp-block-image size-full\"><img data-recalc-dims=\"1\" loading=\"lazy\" decoding=\"async\" width=\"800\" height=\"533\" src=\"https:\/\/i0.wp.com\/bno-travel.com\/wp-content\/uploads\/2025\/06\/JAP7010.jpg?resize=800%2C533&#038;ssl=1\" alt=\"\" class=\"wp-image-2035\" style=\"aspect-ratio:3\/4;object-fit:cover\" srcset=\"https:\/\/i0.wp.com\/bno-travel.com\/wp-content\/uploads\/2025\/06\/JAP7010.jpg?w=7278&amp;ssl=1 7278w, https:\/\/i0.wp.com\/bno-travel.com\/wp-content\/uploads\/2025\/06\/JAP7010.jpg?resize=300%2C200&amp;ssl=1 300w, https:\/\/i0.wp.com\/bno-travel.com\/wp-content\/uploads\/2025\/06\/JAP7010.jpg?resize=1024%2C683&amp;ssl=1 1024w, https:\/\/i0.wp.com\/bno-travel.com\/wp-content\/uploads\/2025\/06\/JAP7010.jpg?resize=768%2C512&amp;ssl=1 768w, https:\/\/i0.wp.com\/bno-travel.com\/wp-content\/uploads\/2025\/06\/JAP7010.jpg?resize=1536%2C1024&amp;ssl=1 1536w, https:\/\/i0.wp.com\/bno-travel.com\/wp-content\/uploads\/2025\/06\/JAP7010.jpg?resize=2048%2C1365&amp;ssl=1 2048w, https:\/\/i0.wp.com\/bno-travel.com\/wp-content\/uploads\/2025\/06\/JAP7010.jpg?resize=1200%2C800&amp;ssl=1 1200w, https:\/\/i0.wp.com\/bno-travel.com\/wp-content\/uploads\/2025\/06\/JAP7010.jpg?w=1600&amp;ssl=1 1600w, https:\/\/i0.wp.com\/bno-travel.com\/wp-content\/uploads\/2025\/06\/JAP7010.jpg?w=2400&amp;ssl=1 2400w\" sizes=\"(max-width: 800px) 100vw, 800px\" \/><\/figure>\n<\/div>\n<\/div>\n<\/div>\n\n<div class=\"wp-block-group alignfull is-style-default is-content-justification-center is-layout-constrained wp-container-core-group-is-layout-69af11d0 wp-block-group-is-layout-constrained\" style=\"margin-top:0;margin-bottom:0;padding-top:var(--wp--preset--spacing--40);padding-bottom:var(--wp--preset--spacing--40)\">\n<div class=\"wp-block-group alignwide is-content-justification-left is-layout-constrained wp-container-core-group-is-layout-54d22900 wp-block-group-is-layout-constrained\">\n<h2 class=\"wp-block-heading\">Trysil - mer \u00e4n bara skid\u00e5kning<\/h2>\n\n\n\n<p class=\"wp-block-paragraph\">\u00c4ven om alpin skid\u00e5kning st\u00e5r i centrum erbjuder Trysil en rad andra vinteraktiviteter: l\u00e4ngdskid\u00e5kning, hundspann, sn\u00f6skovandring, k\u00e4lk\u00e5kning och wellnessupplevelser. Med bra restauranger, afterski, butiker och spa \u00e4r det l\u00e4tt att kombinera aktivitet med komfort och avkoppling. <\/p>\n\n\n\n<p class=\"wp-block-paragraph\">Vi g\u00f6r det enkelt att <strong>boka boende i Trysil<\/strong>, med en anv\u00e4ndarv\u00e4nlig bokningsl\u00f6sning och personlig service. V\u00e4lj mellan centrala l\u00e4genheter p\u00e5 <strong>Trysil Turistsenter<\/strong>, mysiga stugor i <strong>Trysilfjell Hytteomr\u00e5de<\/strong> eller familjev\u00e4nliga enheter i <strong>Fager\u00e5sen \/ H\u00f8yfjellssenteret<\/strong> - alla med n\u00e4rhet till aktiviteter, skidbackar, cykelleder och natur. <\/p>\n<\/div>\n<\/div>\n\n<div class=\"wp-block-group alignfull is-style-default is-content-justification-center is-layout-constrained wp-container-core-group-is-layout-cdf99998 wp-block-group-is-layout-constrained\" style=\"margin-top:0;margin-bottom:0;padding-top:var(--wp--preset--spacing--40);padding-bottom:var(--wp--preset--spacing--40)\"><\/div>\n\n<p class=\"wp-block-paragraph\"><\/p>\n","protected":false},"excerpt":{"rendered":"<p>Alpin skid\u00e5kning i Trysil - Upplev Norges st\u00f6rsta och mest popul\u00e4ra skidort V\u00e4lkommen till Trysil - Norges st\u00f6rsta alpina skidort och ett riktigt vinterparadis f\u00f6r hela familjen! Med milsl\u00e5nga preparerade pister, ett modernt liftsystem, barnv\u00e4nliga omr\u00e5den och en fantastisk fj\u00e4llnatur \u00e4r Trysilfjellet den ultimata destinationen f\u00f6r dig som \u00e4lskar alpin skid\u00e5kning. H\u00e4r hittar du skidupplevelser [&hellip;]<\/p>\n","protected":false},"author":260013438,"featured_media":0,"parent":0,"menu_order":0,"comment_status":"closed","ping_status":"closed","template":"","meta":{"_crdt_document":"","footnotes":""},"class_list":["post-4426","page","type-page","status-publish","hentry"],"jetpack_likes_enabled":true,"jetpack_sharing_enabled":true,"jetpack_shortlink":"https:\/\/wp.me\/PgDuwj-19o","jetpack-related-posts":[{"id":2725,"url":"https:\/\/bno-travel.com\/sv\/alpin-skidakning-i-trysil-2\/","url_meta":{"origin":4426,"position":0},"title":"Alpin skid\u00e5kning i Trysil - Norges st\u00f6rsta skiddestination","author":"Jan Terje \u00c5s","date":"18 juli 2025","format":false,"excerpt":"Njut av h\u00e4rliga dagar i backen med Alpint i Trysil \u2605\u2605\u2605\u2605 Boka ditt boende nu Trysil \u00e4r Norges st\u00f6rsta och mest kompletta skidort - med 69 backar, 32 liftar och varierad terr\u00e4ng f\u00f6r hela familjen. Nu f\u00e5r orten en ny boost med \u00f6ppnandet av Trysils allra f\u00f6rsta gondol! Bo med\u2026","rel":"","context":"Liknande inl\u00e4gg","block_context":{"text":"Liknande inl\u00e4gg","link":""},"img":{"alt_text":"","src":"https:\/\/i0.wp.com\/bno-travel.com\/wp-content\/uploads\/2025\/06\/BTO_JAP9543.jpg?resize=350%2C200&ssl=1","width":350,"height":200,"srcset":"https:\/\/i0.wp.com\/bno-travel.com\/wp-content\/uploads\/2025\/06\/BTO_JAP9543.jpg?resize=350%2C200&ssl=1 1x, https:\/\/i0.wp.com\/bno-travel.com\/wp-content\/uploads\/2025\/06\/BTO_JAP9543.jpg?resize=525%2C300&ssl=1 1.5x, https:\/\/i0.wp.com\/bno-travel.com\/wp-content\/uploads\/2025\/06\/BTO_JAP9543.jpg?resize=700%2C400&ssl=1 2x, https:\/\/i0.wp.com\/bno-travel.com\/wp-content\/uploads\/2025\/06\/BTO_JAP9543.jpg?resize=1050%2C600&ssl=1 3x, https:\/\/i0.wp.com\/bno-travel.com\/wp-content\/uploads\/2025\/06\/BTO_JAP9543.jpg?resize=1400%2C800&ssl=1 4x"},"classes":[]},{"id":4432,"url":"https:\/\/bno-travel.com\/sv\/langdskidakning-i-trysil\/","url_meta":{"origin":4426,"position":1},"title":"L\u00e4ngdskid\u00e5kning i Trysil","author":"Jan Terje \u00c5s","date":"18 juli 2025","format":false,"excerpt":"L\u00e4ngdskid\u00e5kning i Trysil - Upplev Norges vackraste och mest varierade l\u00e4ngdskidsp\u00e5r V\u00e4lkommen till Trysil - ett vinterparadis f\u00f6r l\u00e4ngdskid\u00e5kningsentusiaster! Med \u00f6ver 100 kilometer preparerade sp\u00e5r, varierade rutter genom skogar och berg, familjev\u00e4nliga omr\u00e5den och storslagen natur \u00e4r Trysilfjellet med omnejd en av Norges mest kompletta destinationer f\u00f6r dig som \u00e4lskar\u2026","rel":"","context":"Liknande inl\u00e4gg","block_context":{"text":"Liknande inl\u00e4gg","link":""},"img":{"alt_text":"Langrenn i Trysil","src":"https:\/\/i0.wp.com\/bno-travel.com\/wp-content\/uploads\/2025\/07\/IMG_5369-rotated.jpg?resize=350%2C200&ssl=1","width":350,"height":200,"srcset":"https:\/\/i0.wp.com\/bno-travel.com\/wp-content\/uploads\/2025\/07\/IMG_5369-rotated.jpg?resize=350%2C200&ssl=1 1x, https:\/\/i0.wp.com\/bno-travel.com\/wp-content\/uploads\/2025\/07\/IMG_5369-rotated.jpg?resize=525%2C300&ssl=1 1.5x, https:\/\/i0.wp.com\/bno-travel.com\/wp-content\/uploads\/2025\/07\/IMG_5369-rotated.jpg?resize=700%2C400&ssl=1 2x, https:\/\/i0.wp.com\/bno-travel.com\/wp-content\/uploads\/2025\/07\/IMG_5369-rotated.jpg?resize=1050%2C600&ssl=1 3x, https:\/\/i0.wp.com\/bno-travel.com\/wp-content\/uploads\/2025\/07\/IMG_5369-rotated.jpg?resize=1400%2C800&ssl=1 4x"},"classes":[]},{"id":4243,"url":"https:\/\/bno-travel.com\/sv\/alpin-skidakning-i-salen\/","url_meta":{"origin":4426,"position":2},"title":"Alpin skid\u00e5kning i S\u00e4len","author":"Jan Terje \u00c5s","date":"18 juli 2025","format":false,"excerpt":"Alpin skid\u00e5kning i S\u00e4len - Utforska Sveriges mest kompletta skiddestination V\u00e4lkommen till S\u00e4len, en av Sveriges mest popul\u00e4ra alpina or ter - perfekt f\u00f6r b\u00e5de barnfamiljen och den erfarne skid\u00e5karen! Med flera fj\u00e4ll och skidanl\u00e4ggningar som Lindvallen, H\u00f6gfj\u00e4llet, Tand\u00e5dalen och Hundfj\u00e4llet erbjuder S\u00e4len varierande pister, moderna liftanl\u00e4ggningar och en levande\u2026","rel":"","context":"Liknande inl\u00e4gg","block_context":{"text":"Liknande inl\u00e4gg","link":""},"img":{"alt_text":"Alpint i S\u00e4len","src":"https:\/\/i0.wp.com\/bno-travel.com\/wp-content\/uploads\/2025\/06\/JAP7037.jpg?resize=350%2C200&ssl=1","width":350,"height":200,"srcset":"https:\/\/i0.wp.com\/bno-travel.com\/wp-content\/uploads\/2025\/06\/JAP7037.jpg?resize=350%2C200&ssl=1 1x, https:\/\/i0.wp.com\/bno-travel.com\/wp-content\/uploads\/2025\/06\/JAP7037.jpg?resize=525%2C300&ssl=1 1.5x, https:\/\/i0.wp.com\/bno-travel.com\/wp-content\/uploads\/2025\/06\/JAP7037.jpg?resize=700%2C400&ssl=1 2x, https:\/\/i0.wp.com\/bno-travel.com\/wp-content\/uploads\/2025\/06\/JAP7037.jpg?resize=1050%2C600&ssl=1 3x, https:\/\/i0.wp.com\/bno-travel.com\/wp-content\/uploads\/2025\/06\/JAP7037.jpg?resize=1400%2C800&ssl=1 4x"},"classes":[]},{"id":14633,"url":"https:\/\/bno-travel.com\/sv\/uggla-917\/","url_meta":{"origin":4426,"position":3},"title":"Uggla 917 - 14 b\u00e4ddar","author":"Jan Terje \u00c5s","date":"28 december 2025","format":false,"excerpt":"Ugla 917, Trysilfjell Stugomr\u00e5de Fr\u00e5n 990 kr per dag \u2605\u2605\u2605\u2605 Kontrollera tillg\u00e4ngliga datum V\u00e4lkommen till Ugla 917 - en rymlig och familjev\u00e4nlig stuga i ett plan, perfekt f\u00f6r dig som vill ha en bekv\u00e4m bas f\u00f6r b\u00e5de skid\u00e5kning och fj\u00e4ll\u00e4ventyr i Trysil. Ugla 917 \u00e4r en modern och mysig stuga\u2026","rel":"","context":"Liknande inl\u00e4gg","block_context":{"text":"Liknande inl\u00e4gg","link":""},"img":{"alt_text":"Ugla 917","src":"https:\/\/i0.wp.com\/bno-travel.com\/wp-content\/uploads\/2025\/12\/01Fasade.jpg?resize=350%2C200&ssl=1","width":350,"height":200,"srcset":"https:\/\/i0.wp.com\/bno-travel.com\/wp-content\/uploads\/2025\/12\/01Fasade.jpg?resize=350%2C200&ssl=1 1x, https:\/\/i0.wp.com\/bno-travel.com\/wp-content\/uploads\/2025\/12\/01Fasade.jpg?resize=525%2C300&ssl=1 1.5x, https:\/\/i0.wp.com\/bno-travel.com\/wp-content\/uploads\/2025\/12\/01Fasade.jpg?resize=700%2C400&ssl=1 2x, https:\/\/i0.wp.com\/bno-travel.com\/wp-content\/uploads\/2025\/12\/01Fasade.jpg?resize=1050%2C600&ssl=1 3x, https:\/\/i0.wp.com\/bno-travel.com\/wp-content\/uploads\/2025\/12\/01Fasade.jpg?resize=1400%2C800&ssl=1 4x"},"classes":[]},{"id":17332,"url":"https:\/\/bno-travel.com\/sv\/trysilbua\/","url_meta":{"origin":4426,"position":4},"title":"Trysilbua","author":"Jan Terje \u00c5s","date":"9 februari 2026","format":false,"excerpt":"Trysilbua, Trysil H\u00f8yfjellssenter Fr\u00e5n 990 kr per dag \u2605\u2605\u2605\u2605 Kontrollera tillg\u00e4ngliga datum V\u00e4lkommen till Trysilbua, en rymlig familjestuga i Fager\u00e5sen. Trysilbua \u00e4r en rymlig 113 m\u00b2 stor familjestuga med 8 b\u00e4ddar, 4 sovrum, 2 vardagsrum och 1 badrum med bastu samt en extra toalett. Centralt bel\u00e4get men skyddat vid Trysil\u2026","rel":"","context":"Liknande inl\u00e4gg","block_context":{"text":"Liknande inl\u00e4gg","link":""},"img":{"alt_text":"Trysilbua - Trysil H\u00f8yfjellssenter ","src":"https:\/\/i0.wp.com\/bno-travel.com\/wp-content\/uploads\/2026\/02\/IMG_7088.jpeg?resize=350%2C200&ssl=1","width":350,"height":200,"srcset":"https:\/\/i0.wp.com\/bno-travel.com\/wp-content\/uploads\/2026\/02\/IMG_7088.jpeg?resize=350%2C200&ssl=1 1x, https:\/\/i0.wp.com\/bno-travel.com\/wp-content\/uploads\/2026\/02\/IMG_7088.jpeg?resize=525%2C300&ssl=1 1.5x, https:\/\/i0.wp.com\/bno-travel.com\/wp-content\/uploads\/2026\/02\/IMG_7088.jpeg?resize=700%2C400&ssl=1 2x, https:\/\/i0.wp.com\/bno-travel.com\/wp-content\/uploads\/2026\/02\/IMG_7088.jpeg?resize=1050%2C600&ssl=1 3x, https:\/\/i0.wp.com\/bno-travel.com\/wp-content\/uploads\/2026\/02\/IMG_7088.jpeg?resize=1400%2C800&ssl=1 4x"},"classes":[]},{"id":5836,"url":"https:\/\/bno-travel.com\/sv\/fagerhoy-1181\/","url_meta":{"origin":4426,"position":5},"title":"Fagerh\u00f8y 1181","author":"Jan Terje \u00c5s","date":"21 juli 2025","format":false,"excerpt":"Fagerh\u00f8y, Trysil H\u00f8yfjellssenter Fr\u00e5n 990 kr per dag \u2605\u2605\u2605\u2605 Kontrollera tillg\u00e4ngliga datum V\u00e4lkommen till Fagerh\u00f8y, ett rymligt familjesemesterhus Fagerh\u00f8y 1181 \u00e4r en rymlig 113 m\u00b2 stor familjestuga med 10 b\u00e4ddar, 3 sovrum, 2 vardagsrum och 2 badrum - varav ett med bastu. Centralt men skyddat bel\u00e4get vid Trysil H\u00f8yfjellssenter. Skidor\u2026","rel":"","context":"Liknande inl\u00e4gg","block_context":{"text":"Liknande inl\u00e4gg","link":""},"img":{"alt_text":"Fagerh\u00f8y - 10 sengs hytte","src":"https:\/\/i0.wp.com\/bno-travel.com\/wp-content\/uploads\/2025\/07\/Fagerhoy2-09-1.jpg?resize=350%2C200&ssl=1","width":350,"height":200,"srcset":"https:\/\/i0.wp.com\/bno-travel.com\/wp-content\/uploads\/2025\/07\/Fagerhoy2-09-1.jpg?resize=350%2C200&ssl=1 1x, https:\/\/i0.wp.com\/bno-travel.com\/wp-content\/uploads\/2025\/07\/Fagerhoy2-09-1.jpg?resize=525%2C300&ssl=1 1.5x, https:\/\/i0.wp.com\/bno-travel.com\/wp-content\/uploads\/2025\/07\/Fagerhoy2-09-1.jpg?resize=700%2C400&ssl=1 2x, https:\/\/i0.wp.com\/bno-travel.com\/wp-content\/uploads\/2025\/07\/Fagerhoy2-09-1.jpg?resize=1050%2C600&ssl=1 3x, https:\/\/i0.wp.com\/bno-travel.com\/wp-content\/uploads\/2025\/07\/Fagerhoy2-09-1.jpg?resize=1400%2C800&ssl=1 4x"},"classes":[]}],"_links":{"self":[{"href":"https:\/\/bno-travel.com\/sv\/wp-json\/wp\/v2\/pages\/4426","targetHints":{"allow":["GET"]}}],"collection":[{"href":"https:\/\/bno-travel.com\/sv\/wp-json\/wp\/v2\/pages"}],"about":[{"href":"https:\/\/bno-travel.com\/sv\/wp-json\/wp\/v2\/types\/page"}],"author":[{"embeddable":true,"href":"https:\/\/bno-travel.com\/sv\/wp-json\/wp\/v2\/users\/260013438"}],"replies":[{"embeddable":true,"href":"https:\/\/bno-travel.com\/sv\/wp-json\/wp\/v2\/comments?post=4426"}],"version-history":[{"count":3,"href":"https:\/\/bno-travel.com\/sv\/wp-json\/wp\/v2\/pages\/4426\/revisions"}],"predecessor-version":[{"id":5172,"href":"https:\/\/bno-travel.com\/sv\/wp-json\/wp\/v2\/pages\/4426\/revisions\/5172"}],"wp:attachment":[{"href":"https:\/\/bno-travel.com\/sv\/wp-json\/wp\/v2\/media?parent=4426"}],"curies":[{"name":"wp","href":"https:\/\/api.w.org\/{rel}","templated":true}]}}